{"id":18,"date":"2016-06-16T13:47:08","date_gmt":"2016-06-16T13:47:08","guid":{"rendered":"http:\/\/labambas.de\/?page_id=18"},"modified":"2021-01-05T16:19:42","modified_gmt":"2021-01-05T16:19:42","slug":"datenschutz","status":"publish","type":"page","link":"http:\/\/labambas.de\/?page_id=18","title":{"rendered":"Datenschutz"},"content":{"rendered":"\t\t<div data-elementor-type=\"wp-page\" data-elementor-id=\"18\" class=\"elementor elementor-18\" data-elementor-post-type=\"page\">\n\t\t\t\t\t\t<section class=\"elementor-section elementor-top-section elementor-element elementor-element-89f7b89 elementor-section-boxed elementor-section-height-default elementor-section-height-default\" data-id=\"89f7b89\" data-element_type=\"section\">\n\t\t\t\t\t\t<div class=\"elementor-container elementor-column-gap-default\">\n\t\t\t\t\t<div class=\"elementor-column elementor-col-100 elementor-top-column elementor-element elementor-element-4a6072c\" data-id=\"4a6072c\" data-element_type=\"column\">\n\t\t\t<div class=\"elementor-widget-wrap elementor-element-populated\">\n\t\t\t\t\t\t<div class=\"elementor-element elementor-element-fd3c0a1 elementor-widget elementor-widget-image\" data-id=\"fd3c0a1\" data-element_type=\"widget\" data-widget_type=\"image.default\">\n\t\t\t\t<div class=\"elementor-widget-container\">\n\t\t\t\t\t\t\t\t\t\t\t\t\t\t\t\t<a href=\"http:\/\/labambas.de\/\">\n\t\t\t\t\t\t\t<img decoding=\"async\" src=\"http:\/\/labambas.de\/wp-content\/uploads\/2021\/01\/Kleiner-Header-Schwarz-Grau.png\" title=\"Kleiner Header Schwarz Grau\" alt=\"Kleiner Header Schwarz Grau\" loading=\"lazy\" \/>\t\t\t\t\t\t\t\t<\/a>\n\t\t\t\t\t\t\t\t\t\t\t\t\t\t\t<\/div>\n\t\t\t\t<\/div>\n\t\t\t\t\t<\/div>\n\t\t<\/div>\n\t\t\t\t\t<\/div>\n\t\t<\/section>\n\t\t\t\t<section class=\"elementor-section elementor-top-section elementor-element elementor-element-42c54ff2 elementor-section-boxed elementor-section-height-default elementor-section-height-default\" data-id=\"42c54ff2\" data-element_type=\"section\">\n\t\t\t\t\t\t<div class=\"elementor-container elementor-column-gap-default\">\n\t\t\t\t\t<div class=\"elementor-column elementor-col-100 elementor-top-column elementor-element elementor-element-2ecac410\" data-id=\"2ecac410\" data-element_type=\"column\">\n\t\t\t<div class=\"elementor-widget-wrap elementor-element-populated\">\n\t\t\t\t\t\t<div class=\"elementor-element elementor-element-359ba236 elementor-widget elementor-widget-text-editor\" data-id=\"359ba236\" data-element_type=\"widget\" data-widget_type=\"text-editor.default\">\n\t\t\t\t<div class=\"elementor-widget-container\">\n\t\t\t\t\t\t\t\t\t<div class=\"entry-content\">\r\n\r\n<strong>Datenschutzerkl\u00e4rung<\/strong>\r\n<h2>I.\u00a0\u00a0\u00a0\u00a0\u00a0\u00a0\u00a0\u00a0\u00a0 Name und Anschrift des Verantwortlichen<\/h2>\r\nDer Verantwortliche im Sinne der Datenschutz-Grundverordnung und anderer nationaler Datenschutzgesetze der Mitgliedsstaaten sowie sonstiger datenschutzrechtlicher Bestimmungen ist die:\r\n\r\n<em>Sascha Wei\u00dfenrieder<\/em>\r\n\r\n<em>Im Br\u00fchl 25\r\n<\/em>\r\n\r\n<em>88361 Altshausen<\/em>\r\n\r\n<em>Deutschland<\/em>\r\n\r\n<em>E-Mail: kontakt@labambas.de<\/em>\r\n\r\nProvider: strato.de\r\n<h2>II.\u00a0\u00a0\u00a0\u00a0\u00a0\u00a0 Allgemeines zur Datenverarbeitung<\/h2>\r\n<h3>1.\u00a0\u00a0\u00a0\u00a0\u00a0\u00a0\u00a0 Umfang der Verarbeitung personenbezogener Daten<\/h3>\r\nWir verarbeiten personenbezogene Daten unserer Nutzer grunds\u00e4tzlich nur, soweit dies zur Bereitstellung einer funktionsf\u00e4higen Website sowie unserer Inhalte und Leistungen erforderlich ist. Die Verarbeitung personenbezogener Daten unserer Nutzer erfolgt regelm\u00e4\u00dfig nur nach Einwilligung des Nutzers. Eine Ausnahme gilt in solchen F\u00e4llen, in denen eine vorherige Einholung einer Einwilligung aus tats\u00e4chlichen Gr\u00fcnden nicht m\u00f6glich ist und die Verarbeitung der Daten durch gesetzliche Vorschriften gestattet ist.\r\n<h3>2.\u00a0\u00a0\u00a0\u00a0\u00a0\u00a0\u00a0 Rechtsgrundlage f\u00fcr die Verarbeitung personenbezogener Daten<\/h3>\r\nSoweit wir f\u00fcr Verarbeitungsvorg\u00e4nge personenbezogener Daten eine Einwilligung der betroffenen Person einholen, dient Art.\u00a06 Abs.\u00a01 lit.\u00a0a EU-Datenschutzgrundverordnung (DSGVO) als Rechtsgrundlage.\r\n\r\nBei der Verarbeitung von personenbezogenen Daten, die zur Erf\u00fcllung eines Vertrages, dessen Vertragspartei die betroffene Person ist, erforderlich ist, dient Art.\u00a06 Abs.\u00a01 lit.\u00a0b DSGVO als Rechtsgrundlage. Dies gilt auch f\u00fcr Verarbeitungsvorg\u00e4nge, die zur Durchf\u00fchrung vorvertraglicher Ma\u00dfnahmen erforderlich sind.\r\n\r\nSoweit eine Verarbeitung personenbezogener Daten zur Erf\u00fcllung einer rechtlichen Verpflichtung erforderlich ist, der unser Unternehmen unterliegt, dient Art.\u00a06 Abs.\u00a01 lit.\u00a0c DSGVO als Rechtsgrundlage.\r\n\r\nF\u00fcr den Fall, dass lebenswichtige Interessen der betroffenen Person oder einer anderen nat\u00fcrlichen Person eine Verarbeitung personenbezogener Daten erforderlich machen, dient Art.\u00a06 Abs.\u00a01 lit.\u00a0d DSGVO als Rechtsgrundlage.\r\n\r\nIst die Verarbeitung zur Wahrung eines berechtigten Interesses unseres Unternehmens oder eines Dritten erforderlich und \u00fcberwiegen die Interessen, Grundrechte und Grundfreiheiten des Betroffenen das erstgenannte Interesse nicht, so dient Art.\u00a06 Abs.\u00a01 lit.\u00a0f DSGVO als Rechtsgrundlage f\u00fcr die Verarbeitung.\r\n<h3>3.\u00a0\u00a0\u00a0\u00a0\u00a0\u00a0\u00a0 Datenl\u00f6schung und Speicherdauer<\/h3>\r\nDie personenbezogenen Daten der betroffenen Person werden gel\u00f6scht oder gesperrt, sobald der Zweck der Speicherung entf\u00e4llt. Eine Speicherung kann dar\u00fcber hinaus erfolgen, wenn dies durch den europ\u00e4ischen oder nationalen Gesetzgeber in unionsrechtlichen Verordnungen, Gesetzen oder sonstigen Vorschriften, denen der Verantwortliche unterliegt, vorgesehen wurde. Eine Sperrung oder L\u00f6schung der Daten erfolgt auch dann, wenn eine durch die genannten Normen vorgeschriebene Speicherfrist abl\u00e4uft, es sei denn, dass eine Erforderlichkeit zur weiteren Speicherung der Daten f\u00fcr einen Vertragsabschluss oder eine Vertragserf\u00fcllung besteht.\r\n<h2>III.\u00a0\u00a0\u00a0\u00a0 Bereitstellung der Website und Erstellung von Logfiles<\/h2>\r\n<h3>1.\u00a0\u00a0\u00a0\u00a0\u00a0\u00a0\u00a0 Beschreibung und Umfang der Datenverarbeitung<\/h3>\r\nBei jedem Aufruf unserer Internetseite erfasst unser System automatisiert Daten und Informationen vom Computersystem des aufrufenden Rechners.\r\n\r\nFolgende Daten werden hierbei erhoben:\r\n<ul>\r\n \t<li>Informationen \u00fcber den Browsertyp und die verwendete Version<\/li>\r\n \t<li>Die IP-Adresse des Nutzers<\/li>\r\n \t<li>Websites, von denen das System des Nutzers auf unsere Internetseite gelangt<\/li>\r\n \t<li>Websites, die vom System des Nutzers \u00fcber unsere Website aufgerufen werden<\/li>\r\n<\/ul>\r\nDie Daten werden ebenfalls in den Logfiles unseres Systems gespeichert. Nicht hiervon betroffen sind die IP-Adressen des Nutzers oder andere Daten, die die Zuordnung der Daten zu einem Nutzer erm\u00f6glichen. Eine Speicherung dieser Daten zusammen mit anderen personenbezogenen Daten des Nutzers findet nicht statt.\r\n<h3>2.\u00a0\u00a0\u00a0\u00a0\u00a0\u00a0\u00a0 Rechtsgrundlage f\u00fcr die Datenverarbeitung<\/h3>\r\nRechtsgrundlage f\u00fcr die vor\u00fcbergehende Speicherung der Daten ist Art.\u00a06 Abs.\u00a01 lit.\u00a0f DSGVO.\r\n<h3>3.\u00a0\u00a0\u00a0\u00a0\u00a0\u00a0\u00a0 Zweck der Datenverarbeitung<\/h3>\r\nDie vor\u00fcbergehende Speicherung der IP-Adresse durch das System ist notwendig, um eine Auslieferung der Website an den Rechner des Nutzers zu erm\u00f6glichen. Hierf\u00fcr muss die IP-Adresse des Nutzers f\u00fcr die Dauer der Sitzung gespeichert bleiben.\r\n\r\nIn diesen Zwecken liegt auch unser berechtigtes Interesse an der Datenverarbeitung nach Art.\u00a06 Abs.\u00a01 lit.\u00a0f DSGVO.\r\n<h3>4.\u00a0\u00a0\u00a0\u00a0\u00a0\u00a0\u00a0 Dauer der Speicherung<\/h3>\r\nDie Daten werden gel\u00f6scht, sobald sie f\u00fcr die Erreichung des Zweckes ihrer Erhebung nicht mehr erforderlich sind. Im Falle der Erfassung der Daten zur Bereitstellung der Website ist dies der Fall, wenn die jeweilige Sitzung beendet ist.\r\n<h3>5.\u00a0\u00a0\u00a0\u00a0\u00a0\u00a0\u00a0 Widerspruchs- und Beseitigungsm\u00f6glichkeit<\/h3>\r\nDie Erfassung der Daten zur Bereitstellung der Website und die Speicherung der Daten in Logfiles ist f\u00fcr den Betrieb der Internetseite zwingend erforderlich. Es besteht folglich seitens des Nutzers keine Widerspruchsm\u00f6glichkeit.\r\n<h2>IV.\u00a0\u00a0\u00a0\u00a0 Verwendung von Cookies<\/h2>\r\n<ol>\r\n \t<li><strong>a) Beschreibung und Umfang der Datenverarbeitung<\/strong><\/li>\r\n<\/ol>\r\nUnsere Webseite verwendet Cookies. Bei Cookies handelt es sich um Textdateien, die im Internetbrowser bzw. vom Internetbrowser auf dem Computersystem des Nutzers gespeichert werden. Ruft ein Nutzer eine Website auf, so kann ein Cookie auf dem Betriebssystem des Nutzers gespeichert werden. Dieser Cookie enth\u00e4lt eine charakteristische Zeichenfolge, die eine eindeutige Identifizierung des Browsers beim erneuten Aufrufen der Website erm\u00f6glicht.\r\n\r\nWir setzen Cookies ein, um unsere Website nutzerfreundlicher zu gestalten. Einige Elemente unserer Internetseite erfordern es, dass der aufrufende Browser auch nach einem Seitenwechsel identifiziert werden kann.\r\n\r\nIn den Cookies werden dabei folgende Daten gespeichert und \u00fcbermittelt:\r\n<ul>\r\n \t<li>Spracheinstellungen<\/li>\r\n \t<li>Log-In-Informationen<\/li>\r\n<\/ul>\r\nDie auf diese Weise erhobenen Daten der Nutzer werden durch technische Vorkehrungen pseudonymisiert. Daher ist eine Zuordnung der Daten zum aufrufenden Nutzer nicht mehr m\u00f6glich. Die Daten werden nicht gemeinsam mit sonstigen personenbezogenen Daten der Nutzer gespeichert.\r\n\r\nBeim Aufruf unserer Website werden die Nutzer durch einen Infobanner \u00fcber die Verwendung von Cookies zu Analysezwecken informiert und auf diese Datenschutzerkl\u00e4rung verwiesen. Es erfolgt in diesem Zusammenhang auch ein Hinweis darauf, wie die Speicherung von Cookies in den Browsereinstellungen unterbunden werden kann.\r\n\r\nBeim Aufruf unserer Website wird der Nutzer \u00fcber die Verwendung von Cookies zu Analysezwecken informiert und seine Einwilligung zur Verarbeitung der in diesem Zusammenhang verwendeten personenbezogenen Daten eingeholt. In diesem Zusammenhang erfolgt auch ein Hinweis auf diese Datenschutzerkl\u00e4rung.\r\n<ol>\r\n \t<li><strong>b) Rechtsgrundlage f\u00fcr die Datenverarbeitung <\/strong><\/li>\r\n<\/ol>\r\nDie Rechtsgrundlage f\u00fcr die Verarbeitung personenbezogener Daten unter Verwendung von Cookies ist Art.\u00a06 Abs.\u00a01 lit.\u00a0f DSGVO.\r\n\r\nDie Rechtsgrundlage f\u00fcr die Verarbeitung personenbezogener Daten unter Verwendung technisch notweniger Cookies ist Art.\u00a06 Abs.\u00a01 lit.\u00a0f DSGVO.\r\n\r\nDie Rechtsgrundlage f\u00fcr die Verarbeitung personenbezogener Daten unter Verwendung von Cookies zu Analysezwecken ist bei Vorliegen einer diesbez\u00fcglichen Einwilligung des Nutzers Art.\u00a06 Abs.\u00a01 lit.\u00a0a DSGVO.\r\n<ol>\r\n \t<li><strong>c) Zweck der Datenverarbeitung<\/strong><\/li>\r\n<\/ol>\r\nDer Zweck der Verwendung technisch notwendiger Cookies ist, die Nutzung von Websites f\u00fcr die Nutzer zu vereinfachen. Einige Funktionen unserer Internetseite k\u00f6nnen ohne den Einsatz von Cookies nicht angeboten werden. F\u00fcr diese ist es erforderlich, dass der Browser auch nach einem Seitenwechsel wiedererkannt wird.\r\n\r\nDie durch technisch notwendige Cookies erhobenen Nutzerdaten werden nicht zur Erstellung von Nutzerprofilen verwendet.\r\n\r\nIn diesen Zwecken liegt auch unser berechtigtes Interesse in der Verarbeitung der personenbezogenen Daten nach Art.\u00a06 Abs.\u00a01 lit.\u00a0f DSGVO.\r\n<ol>\r\n \t<li><strong>e) Dauer der Speicherung, Widerspruchs- und Beseitigungsm\u00f6glichkeit<\/strong><\/li>\r\n<\/ol>\r\nCookies werden auf dem Rechner des Nutzers gespeichert und von diesem an unserer Seite \u00fcbermittelt. Daher haben Sie als Nutzer auch die volle Kontrolle \u00fcber die Verwendung von Cookies. Durch eine \u00c4nderung der Einstellungen in Ihrem Internetbrowser k\u00f6nnen Sie die \u00dcbertragung von Cookies deaktivieren oder einschr\u00e4nken. Bereits gespeicherte Cookies k\u00f6nnen jederzeit gel\u00f6scht werden. Dies kann auch automatisiert erfolgen. Werden Cookies f\u00fcr unsere Website deaktiviert, k\u00f6nnen m\u00f6glicherweise nicht mehr alle Funktionen der Website vollumf\u00e4nglich genutzt werden.\r\n<h2>V.\u00a0\u00a0\u00a0\u00a0\u00a0\u00a0\u00a0\u00a0\u00a0\u00a0\u00a0 Kontaktformular und E-Mail-Kontakt<\/h2>\r\n<h3>1.\u00a0\u00a0\u00a0\u00a0\u00a0\u00a0\u00a0\u00a0\u00a0\u00a0\u00a0\u00a0 Beschreibung und Umfang der Datenverarbeitung<\/h3>\r\nAuf unserer Internetseite ist ein Kontaktformular vorhanden, welches f\u00fcr die elektronische Kontaktaufnahme genutzt werden kann. Nimmt ein Nutzer diese M\u00f6glichkeit wahr, so werden die in der Eingabemaske eingegeben Daten an uns \u00fcbermittelt und gespeichert. Diese Daten sind:\r\n\r\nIm Zeitpunkt der Absendung der Nachricht werden zudem folgende Daten gespeichert:\r\n<ul>\r\n \t<li>Die IP-Adresse des Nutzers<\/li>\r\n \t<li>Datum und Uhrzeit der Registrierung<\/li>\r\n<\/ul>\r\nF\u00fcr die Verarbeitung der Daten wird im Rahmen des Absendevorgangs Ihre Einwilligung eingeholt und auf diese Datenschutzerkl\u00e4rung verwiesen.\r\n\r\nAlternativ ist eine Kontaktaufnahme \u00fcber die bereitgestellte E-Mail-Adresse m\u00f6glich. In diesem Fall werden die mit der E-Mail \u00fcbermittelten personenbezogenen Daten des Nutzers gespeichert.\r\n\r\nEs erfolgt in diesem Zusammenhang keine Weitergabe der Daten an Dritte. Die Daten werden ausschlie\u00dflich f\u00fcr die Verarbeitung der Konversation verwendet.\r\n<h3>2.\u00a0\u00a0\u00a0\u00a0\u00a0\u00a0\u00a0 Rechtsgrundlage f\u00fcr die Datenverarbeitung<\/h3>\r\nRechtsgrundlage f\u00fcr die Verarbeitung der Daten ist bei Vorliegen einer Einwilligung des Nutzers Art.\u00a06 Abs.\u00a01 lit.\u00a0a DSGVO.\r\n\r\nRechtsgrundlage f\u00fcr die Verarbeitung der Daten, die im Zuge einer \u00dcbersendung einer E-Mail \u00fcbermittelt werden, ist Art.\u00a06 Abs.\u00a01 lit.\u00a0f DSGVO. Zielt der E-Mail-Kontakt auf den Abschluss eines Vertrages ab, so ist zus\u00e4tzliche Rechtsgrundlage f\u00fcr die Verarbeitung Art.\u00a06 Abs.\u00a01 lit.\u00a0b DSGVO.\r\n<h3>3.\u00a0\u00a0\u00a0\u00a0\u00a0\u00a0\u00a0 Zweck der Datenverarbeitung<\/h3>\r\nDie Verarbeitung der personenbezogenen Daten aus der Eingabemaske dient uns allein zur Bearbeitung der Kontaktaufnahme. Im Falle einer Kontaktaufnahme per E-Mail liegt hieran auch das erforderliche berechtigte Interesse an der Verarbeitung der Daten.\r\n\r\nDie sonstigen w\u00e4hrend des Absendevorgangs verarbeiteten personenbezogenen Daten dienen dazu, einen Missbrauch des Kontaktformulars zu verhindern und die Sicherheit unserer informationstechnischen Systeme sicherzustellen.\r\n<h3>4.\u00a0\u00a0\u00a0\u00a0\u00a0\u00a0\u00a0 Dauer der Speicherung<\/h3>\r\nDie Daten werden gel\u00f6scht, sobald sie f\u00fcr die Erreichung des Zweckes ihrer Erhebung nicht mehr erforderlich sind. F\u00fcr die personenbezogenen Daten aus der Eingabemaske des Kontaktformulars und diejenigen, die per E-Mail \u00fcbersandt wurden, ist dies dann der Fall, wenn die jeweilige Konversation mit dem Nutzer beendet ist. Beendet ist die Konversation dann, wenn sich aus den Umst\u00e4nden entnehmen l\u00e4sst, dass der betroffene Sachverhalt abschlie\u00dfend gekl\u00e4rt ist.\r\n\r\n<em>\u00a0<\/em>\r\n\r\nDie w\u00e4hrend des Absendevorgangs zus\u00e4tzlich erhobenen personenbezogenen Daten werden sp\u00e4testens nach einer Frist von sieben Tagen gel\u00f6scht.\r\n<h3>5.\u00a0\u00a0\u00a0\u00a0\u00a0\u00a0\u00a0 Widerspruchs- und Beseitigungsm\u00f6glichkeit<\/h3>\r\nDer Nutzer hat jederzeit die M\u00f6glichkeit, seine Einwilligung zur Verarbeitung der personenbezogenen Daten zu widerrufen. Nimmt der Nutzer per E-Mail Kontakt mit uns auf, so kann er der Speicherung seiner personenbezogenen Daten jederzeit widersprechen. In einem solchen Fall kann die Konversation nicht fortgef\u00fchrt werden.<em>\u00a0<\/em>\r\n\r\nAlle personenbezogenen Daten, die im Zuge der Kontaktaufnahme gespeichert wurden, werden in diesem Fall gel\u00f6scht.\r\n<h2>VI.\u00a0\u00a0\u00a0\u00a0 Rechte der betroffenen Person<\/h2>\r\nWerden personenbezogene Daten von Ihnen verarbeitet, sind Sie Betroffener i.S.d. DSGVO und es stehen Ihnen folgende Rechte gegen\u00fcber dem Verantwortlichen zu:\r\n<h3>1.\u00a0\u00a0\u00a0\u00a0\u00a0\u00a0\u00a0 Auskunftsrecht<\/h3>\r\nSie k\u00f6nnen von dem Verantwortlichen eine Best\u00e4tigung dar\u00fcber verlangen, ob personenbezogene Daten, die Sie betreffen, von uns verarbeitet werden.\r\n\r\nLiegt eine solche Verarbeitung vor, k\u00f6nnen Sie von dem Verantwortlichen \u00fcber folgende Informationen Auskunft verlangen:\r\n\r\n(1)\u00a0\u00a0\u00a0\u00a0\u00a0\u00a0 die Zwecke, zu denen die personenbezogenen Daten verarbeitet werden;\r\n\r\n(2)\u00a0\u00a0\u00a0\u00a0\u00a0\u00a0 die Kategorien von personenbezogenen Daten, welche verarbeitet werden;\r\n\r\n(3)\u00a0\u00a0\u00a0\u00a0\u00a0\u00a0 die Empf\u00e4nger bzw. die Kategorien von Empf\u00e4ngern, gegen\u00fcber denen die Sie betreffenden personenbezogenen Daten offengelegt wurden oder noch offengelegt werden;\r\n\r\n(4)\u00a0\u00a0\u00a0\u00a0\u00a0\u00a0 die geplante Dauer der Speicherung der Sie betreffenden personenbezogenen Daten oder, falls konkrete Angaben hierzu nicht m\u00f6glich sind, Kriterien f\u00fcr die Festlegung der Speicherdauer;\r\n\r\n(5)\u00a0\u00a0\u00a0\u00a0\u00a0\u00a0 das Bestehen eines Rechts auf Berichtigung oder L\u00f6schung der Sie betreffenden personenbezogenen Daten, eines Rechts auf Einschr\u00e4nkung der Verarbeitung durch den Verantwortlichen oder eines Widerspruchsrechts gegen diese Verarbeitung;\r\n\r\n(6)\u00a0\u00a0\u00a0\u00a0\u00a0\u00a0 das Bestehen eines Beschwerderechts bei einer Aufsichtsbeh\u00f6rde;\r\n\r\n(7)\u00a0\u00a0\u00a0\u00a0\u00a0\u00a0 alle verf\u00fcgbaren Informationen \u00fcber die Herkunft der Daten, wenn die personenbezogenen Daten nicht bei der betroffenen Person erhoben werden;\r\n\r\n(8)\u00a0\u00a0\u00a0\u00a0\u00a0\u00a0 das Bestehen einer automatisierten Entscheidungsfindung einschlie\u00dflich Profiling gem\u00e4\u00df Art.\u00a022 Abs.\u00a01 und 4 DSGVO und \u2013 zumindest in diesen F\u00e4llen \u2013 aussagekr\u00e4ftige Informationen \u00fcber die involvierte Logik sowie die Tragweite und die angestrebten Auswirkungen einer derartigen Verarbeitung f\u00fcr die betroffene Person.\r\n\r\nIhnen steht das Recht zu, Auskunft dar\u00fcber zu verlangen, ob die Sie betreffenden personenbezogenen Daten in ein Drittland oder an eine internationale Organisation \u00fcbermittelt werden. In diesem Zusammenhang k\u00f6nnen Sie verlangen, \u00fcber die geeigneten Garantien gem. Art.\u00a046 DSGVO im Zusammenhang mit der \u00dcbermittlung unterrichtet zu werden.\r\n<h3>2.\u00a0\u00a0\u00a0\u00a0\u00a0\u00a0\u00a0 Recht auf Berichtigung<\/h3>\r\nSie haben ein Recht auf Berichtigung und\/oder Vervollst\u00e4ndigung gegen\u00fcber dem Verantwortlichen, sofern die verarbeiteten personenbezogenen Daten, die Sie betreffen, unrichtig oder unvollst\u00e4ndig sind. Der Verantwortliche hat die Berichtigung unverz\u00fcglich vorzunehmen.\r\n<h3>3.\u00a0\u00a0\u00a0\u00a0\u00a0\u00a0\u00a0 Recht auf Einschr\u00e4nkung der Verarbeitung<\/h3>\r\nUnter den folgenden Voraussetzungen k\u00f6nnen Sie die Einschr\u00e4nkung der Verarbeitung der Sie betreffenden personenbezogenen Daten verlangen:\r\n\r\n(1)\u00a0\u00a0\u00a0\u00a0\u00a0\u00a0 wenn Sie die Richtigkeit der Sie betreffenden personenbezogenen f\u00fcr eine Dauer bestreiten, die es dem Verantwortlichen erm\u00f6glicht, die Richtigkeit der personenbezogenen Daten zu \u00fcberpr\u00fcfen;\r\n\r\n(2)\u00a0\u00a0\u00a0\u00a0\u00a0\u00a0 die Verarbeitung unrechtm\u00e4\u00dfig ist und Sie die L\u00f6schung der personenbezogenen Daten ablehnen und stattdessen die Einschr\u00e4nkung der Nutzung der personenbezogenen Daten verlangen;\r\n\r\n(3)\u00a0\u00a0\u00a0\u00a0\u00a0\u00a0 der Verantwortliche die personenbezogenen Daten f\u00fcr die Zwecke der Verarbeitung nicht l\u00e4nger ben\u00f6tigt, Sie diese jedoch zur Geltendmachung, Aus\u00fcbung oder Verteidigung von Rechtsanspr\u00fcchen ben\u00f6tigen, oder\r\n\r\n(4)\u00a0\u00a0\u00a0\u00a0\u00a0\u00a0 wenn Sie Widerspruch gegen die Verarbeitung gem\u00e4\u00df Art.\u00a021 Abs.\u00a01 DSGVO eingelegt haben und noch nicht feststeht, ob die berechtigten Gr\u00fcnde des Verantwortlichen gegen\u00fcber Ihren Gr\u00fcnden \u00fcberwiegen.\r\n\r\nWurde die Verarbeitung der Sie betreffenden personenbezogenen Daten eingeschr\u00e4nkt, d\u00fcrfen diese Daten \u2013 von ihrer Speicherung abgesehen \u2013 nur mit Ihrer Einwilligung oder zur Geltendmachung, Aus\u00fcbung oder Verteidigung von Rechtsanspr\u00fcchen oder zum Schutz der Rechte einer anderen nat\u00fcrlichen oder juristischen Person oder aus Gr\u00fcnden eines wichtigen \u00f6ffentlichen Interesses der Union oder eines Mitgliedstaats verarbeitet werden.\r\n\r\nWurde die Einschr\u00e4nkung der Verarbeitung nach den o.g. Voraussetzungen eingeschr\u00e4nkt, werden Sie von dem Verantwortlichen unterrichtet bevor die Einschr\u00e4nkung aufgehoben wird.\r\n<h3>4.\u00a0\u00a0\u00a0\u00a0\u00a0\u00a0\u00a0 Recht auf L\u00f6schung<\/h3>\r\n<h4>a)\u00a0\u00a0\u00a0\u00a0\u00a0\u00a0\u00a0 L\u00f6schungspflicht<\/h4>\r\nSie k\u00f6nnen von dem Verantwortlichen verlangen, dass die Sie betreffenden personenbezogenen Daten unverz\u00fcglich gel\u00f6scht werden, und der Verantwortliche ist verpflichtet, diese Daten unverz\u00fcglich zu l\u00f6schen, sofern einer der folgenden Gr\u00fcnde zutrifft:\r\n\r\n(1)\u00a0\u00a0\u00a0\u00a0\u00a0\u00a0 Die Sie betreffenden personenbezogenen Daten sind f\u00fcr die Zwecke, f\u00fcr die sie erhoben oder auf sonstige Weise verarbeitet wurden, nicht mehr notwendig.\r\n\r\n(2)\u00a0\u00a0\u00a0\u00a0\u00a0\u00a0 Sie widerrufen Ihre Einwilligung, auf die sich die Verarbeitung gem. Art.\u00a06 Abs.\u00a01 lit.\u00a0a oder Art.\u00a09 Abs.\u00a02 lit.\u00a0a DSGVO st\u00fctzte, und es fehlt an einer anderweitigen Rechtsgrundlage f\u00fcr die Verarbeitung.\r\n\r\n(3)\u00a0\u00a0\u00a0\u00a0\u00a0\u00a0 Sie legen gem. Art.\u00a021 Abs.\u00a01 DSGVO Widerspruch gegen die Verarbeitung ein und es liegen keine vorrangigen berechtigten Gr\u00fcnde f\u00fcr die Verarbeitung vor, oder Sie legen gem. Art.\u00a021 Abs.\u00a02 DSGVO Widerspruch gegen die Verarbeitung ein.\r\n\r\n(4)\u00a0\u00a0\u00a0\u00a0\u00a0\u00a0 Die Sie betreffenden personenbezogenen Daten wurden unrechtm\u00e4\u00dfig verarbeitet.\r\n\r\n(5)\u00a0\u00a0\u00a0\u00a0\u00a0\u00a0 Die L\u00f6schung der Sie betreffenden personenbezogenen Daten ist zur Erf\u00fcllung einer rechtlichen Verpflichtung nach dem Unionsrecht oder dem Recht der Mitgliedstaaten erforderlich, dem der Verantwortliche unterliegt.\r\n\r\n(6)\u00a0\u00a0\u00a0\u00a0\u00a0\u00a0 Die Sie betreffenden personenbezogenen Daten wurden in Bezug auf angebotene Dienste der Informationsgesellschaft gem\u00e4\u00df Art.\u00a08 Abs.\u00a01 DSGVO erhoben.\r\n<h4>b)\u00a0\u00a0\u00a0\u00a0\u00a0\u00a0\u00a0 Information an Dritte<\/h4>\r\nHat der Verantwortliche die Sie betreffenden personenbezogenen Daten \u00f6ffentlich gemacht und ist er gem. Art.\u00a017 Abs.\u00a01 DSGVO zu deren L\u00f6schung verpflichtet, so trifft er unter Ber\u00fccksichtigung der verf\u00fcgbaren Technologie und der Implementierungskosten angemessene Ma\u00dfnahmen, auch technischer Art, um f\u00fcr die Datenverarbeitung Verantwortliche, die die personenbezogenen Daten verarbeiten, dar\u00fcber zu informieren, dass Sie als betroffene Person von ihnen die L\u00f6schung aller Links zu diesen personenbezogenen Daten oder von Kopien oder Replikationen dieser personenbezogenen Daten verlangt haben.\r\n<h4>c)\u00a0\u00a0\u00a0\u00a0\u00a0\u00a0\u00a0 Ausnahmen<\/h4>\r\nDas Recht auf L\u00f6schung besteht nicht, soweit die Verarbeitung erforderlich ist\r\n\r\n(1)\u00a0\u00a0\u00a0\u00a0\u00a0\u00a0 zur Aus\u00fcbung des Rechts auf freie Meinungs\u00e4u\u00dferung und Information;\r\n\r\n(2)\u00a0\u00a0\u00a0\u00a0\u00a0\u00a0 zur Erf\u00fcllung einer rechtlichen Verpflichtung, die die Verarbeitung nach dem Recht der Union oder der Mitgliedstaaten, dem der Verantwortliche unterliegt, erfordert, oder zur Wahrnehmung einer Aufgabe, die im \u00f6ffentlichen Interesse liegt oder in Aus\u00fcbung \u00f6ffentlicher Gewalt erfolgt, die dem Verantwortlichen \u00fcbertragen wurde;\r\n\r\n(3)\u00a0\u00a0\u00a0\u00a0\u00a0\u00a0 aus Gr\u00fcnden des \u00f6ffentlichen Interesses im Bereich der \u00f6ffentlichen Gesundheit gem\u00e4\u00df Art.\u00a09 Abs.\u00a02 lit.\u00a0h und i sowie Art.\u00a09 Abs.\u00a03 DSGVO;\r\n\r\n(4)\u00a0\u00a0\u00a0\u00a0\u00a0\u00a0 f\u00fcr im \u00f6ffentlichen Interesse liegende Archivzwecke, wissenschaftliche oder historische Forschungszwecke oder f\u00fcr statistische Zwecke gem. Art.\u00a089 Abs.\u00a01 DSGVO, soweit das unter Abschnitt a) genannte Recht voraussichtlich die Verwirklichung der Ziele dieser Verarbeitung unm\u00f6glich macht oder ernsthaft beeintr\u00e4chtigt, oder\r\n\r\n(5)\u00a0\u00a0\u00a0\u00a0\u00a0\u00a0 zur Geltendmachung, Aus\u00fcbung oder Verteidigung von Rechtsanspr\u00fcchen.\r\n<h3>5.\u00a0\u00a0\u00a0\u00a0\u00a0\u00a0\u00a0 Recht auf Unterrichtung<\/h3>\r\nHaben Sie das Recht auf Berichtigung, L\u00f6schung oder Einschr\u00e4nkung der Verarbeitung gegen\u00fcber dem Verantwortlichen geltend gemacht, ist dieser verpflichtet, allen Empf\u00e4ngern, denen die Sie betreffenden personenbezogenen Daten offengelegt wurden, diese Berichtigung oder L\u00f6schung der Daten oder Einschr\u00e4nkung der Verarbeitung mitzuteilen, es sei denn, dies erweist sich als unm\u00f6glich oder ist mit einem unverh\u00e4ltnism\u00e4\u00dfigen Aufwand verbunden.\r\n\r\nIhnen steht gegen\u00fcber dem Verantwortlichen das Recht zu, \u00fcber diese Empf\u00e4nger unterrichtet zu werden.\r\n<h3>6.\u00a0\u00a0\u00a0\u00a0\u00a0\u00a0\u00a0 Recht auf Daten\u00fcbertragbarkeit<\/h3>\r\nSie haben das Recht, die Sie betreffenden personenbezogenen Daten, die Sie dem Verantwortlichen bereitgestellt haben, in einem strukturierten, g\u00e4ngigen und maschinenlesbaren Format zu erhalten. Au\u00dferdem haben Sie das Recht diese Daten einem anderen Verantwortlichen ohne Behinderung durch den Verantwortlichen, dem die personenbezogenen Daten bereitgestellt wurden, zu \u00fcbermitteln, sofern\r\n\r\n(1)\u00a0\u00a0\u00a0\u00a0\u00a0\u00a0 die Verarbeitung auf einer Einwilligung gem. Art.\u00a06 Abs.\u00a01 lit.\u00a0a DSGVO oder Art.\u00a09 Abs.\u00a02 lit.\u00a0a DSGVO oder auf einem Vertrag gem. Art.\u00a06 Abs.\u00a01 lit.\u00a0b DSGVO beruht und\r\n\r\n(2)\u00a0\u00a0\u00a0\u00a0\u00a0\u00a0 die Verarbeitung mithilfe automatisierter Verfahren erfolgt.\r\n\r\nIn Aus\u00fcbung dieses Rechts haben Sie ferner das Recht, zu erwirken, dass die Sie betreffenden personenbezogenen Daten direkt von einem Verantwortlichen einem anderen Verantwortlichen \u00fcbermittelt werden, soweit dies technisch machbar ist. Freiheiten und Rechte anderer Personen d\u00fcrfen hierdurch nicht beeintr\u00e4chtigt werden.\r\n\r\nDas Recht auf Daten\u00fcbertragbarkeit gilt nicht f\u00fcr eine Verarbeitung personenbezogener Daten, die f\u00fcr die Wahrnehmung einer Aufgabe erforderlich ist, die im \u00f6ffentlichen Interesse liegt oder in Aus\u00fcbung \u00f6ffentlicher Gewalt erfolgt, die dem Verantwortlichen \u00fcbertragen wurde.\r\n<h3>7.\u00a0\u00a0\u00a0\u00a0\u00a0\u00a0\u00a0 Widerspruchsrecht<\/h3>\r\nSie haben das Recht, aus Gr\u00fcnden, die sich aus ihrer besonderen Situation ergeben, jederzeit gegen die Verarbeitung der Sie betreffenden personenbezogenen Daten, die aufgrund von Art.\u00a06 Abs.\u00a01 lit.\u00a0e oder f DSGVO erfolgt, Widerspruch einzulegen; dies gilt auch f\u00fcr ein auf diese Bestimmungen gest\u00fctztes Profiling.\r\n\r\nDer Verantwortliche verarbeitet die Sie betreffenden personenbezogenen Daten nicht mehr, es sei denn, er kann zwingende schutzw\u00fcrdige Gr\u00fcnde f\u00fcr die Verarbeitung nachweisen, die Ihre Interessen, Rechte und Freiheiten \u00fcberwiegen, oder die Verarbeitung dient der Geltendmachung, Aus\u00fcbung oder Verteidigung von Rechtsanspr\u00fcchen.\r\n\r\nWerden die Sie betreffenden personenbezogenen Daten verarbeitet, um Direktwerbung zu betreiben, haben Sie das Recht, jederzeit Widerspruch gegen die Verarbeitung der Sie betreffenden personenbezogenen Daten zum Zwecke derartiger Werbung einzulegen; dies gilt auch f\u00fcr das Profiling, soweit es mit solcher Direktwerbung in Verbindung steht.\r\n\r\nWidersprechen Sie der Verarbeitung f\u00fcr Zwecke der Direktwerbung, so werden die Sie betreffenden personenbezogenen Daten nicht mehr f\u00fcr diese Zwecke verarbeitet.\r\n\r\nSie haben die M\u00f6glichkeit, im Zusammenhang mit der Nutzung von Diensten der Informationsgesellschaft \u2013 ungeachtet der Richtlinie 2002\/58\/EG \u2013 Ihr Widerspruchsrecht mittels automatisierter Verfahren auszu\u00fcben, bei denen technische Spezifikationen verwendet werden.\r\n<h3>8.\u00a0\u00a0\u00a0\u00a0\u00a0\u00a0\u00a0 Recht auf Widerruf der datenschutzrechtlichen Einwilligungserkl\u00e4rung<\/h3>\r\nSie haben das Recht, Ihre datenschutzrechtliche Einwilligungserkl\u00e4rung jederzeit zu widerrufen. Durch den Widerruf der Einwilligung wird die Rechtm\u00e4\u00dfigkeit der aufgrund der Einwilligung bis zum Widerruf erfolgten Verarbeitung nicht ber\u00fchrt.\r\n<h3>9.\u00a0\u00a0\u00a0\u00a0\u00a0\u00a0\u00a0 Automatisierte Entscheidung im Einzelfall einschlie\u00dflich Profiling<\/h3>\r\nSie haben das Recht, nicht einer ausschlie\u00dflich auf einer automatisierten Verarbeitung \u2013 einschlie\u00dflich Profiling \u2013 beruhenden Entscheidung unterworfen zu werden, die Ihnen gegen\u00fcber rechtliche Wirkung entfaltet oder Sie in \u00e4hnlicher Weise erheblich beeintr\u00e4chtigt. Dies gilt nicht, wenn die Entscheidung\r\n\r\n(1)\u00a0\u00a0\u00a0\u00a0\u00a0\u00a0 f\u00fcr den Abschluss oder die Erf\u00fcllung eines Vertrags zwischen Ihnen und dem Verantwortlichen erforderlich ist,\r\n\r\n(2)\u00a0\u00a0\u00a0\u00a0\u00a0\u00a0 aufgrund von Rechtsvorschriften der Union oder der Mitgliedstaaten, denen der Verantwortliche unterliegt, zul\u00e4ssig ist und diese Rechtsvorschriften angemessene Ma\u00dfnahmen zur Wahrung Ihrer Rechte und Freiheiten sowie Ihrer berechtigten Interessen enthalten oder\r\n\r\n(3)\u00a0\u00a0\u00a0\u00a0\u00a0\u00a0 mit Ihrer ausdr\u00fccklichen Einwilligung erfolgt.\r\n\r\nAllerdings d\u00fcrfen diese Entscheidungen nicht auf besonderen Kategorien personenbezogener Daten nach Art.\u00a09 Abs.\u00a01 DSGVO beruhen, sofern nicht Art.\u00a09 Abs.\u00a02 lit.\u00a0a oder g DSGVO gilt und angemessene Ma\u00dfnahmen zum Schutz der Rechte und Freiheiten sowie Ihrer berechtigten Interessen getroffen wurden.\r\n\r\nHinsichtlich der in (1) und (3) genannten F\u00e4lle trifft der Verantwortliche angemessene Ma\u00dfnahmen, um die Rechte und Freiheiten sowie Ihre berechtigten Interessen zu wahren, wozu mindestens das Recht auf Erwirkung des Eingreifens einer Person seitens des Verantwortlichen, auf Darlegung des eigenen Standpunkts und auf Anfechtung der Entscheidung geh\u00f6rt.\r\n<h3>10.\u00a0\u00a0\u00a0 Recht auf Beschwerde bei einer Aufsichtsbeh\u00f6rde<\/h3>\r\nUnbeschadet eines anderweitigen verwaltungsrechtlichen oder gerichtlichen Rechtsbehelfs steht Ihnen das Recht auf Beschwerde bei einer Aufsichtsbeh\u00f6rde, insbesondere in dem Mitgliedstaat ihres Aufenthaltsorts, ihres Arbeitsplatzes oder des Orts des mutma\u00dflichen Versto\u00dfes, zu, wenn Sie der Ansicht sind, dass die Verarbeitung der Sie betreffenden personenbezogenen Daten gegen die DSGVO verst\u00f6\u00dft.\r\n\r\nDie Aufsichtsbeh\u00f6rde, bei der die Beschwerde eingereicht wurde, unterrichtet den Beschwerdef\u00fchrer \u00fcber den Stand und die Ergebnisse der Beschwerde einschlie\u00dflich der M\u00f6glichkeit eines gerichtlichen Rechtsbehelfs nach Art.\u00a078 DSGVO.\r\n\r\n<strong>Datenschutz<\/strong>\r\n\r\nDie Betreiber dieser Seiten nehmen den Schutz Ihrer pers\u00f6nlichen Daten sehr ernst. Wir behandeln Ihre personenbezogenen Daten vertraulich und entsprechend der gesetzlichen Datenschutzvorschriften sowie dieser Datenschutzerkl\u00e4rung.\r\n\r\nDie Nutzung unserer Webseite ist in der Regel ohne Angabe personenbezogener Daten m\u00f6glich. Soweit auf unseren Seiten personenbezogene Daten (beispielsweise Name, Anschrift oder E-Mail-Adressen) erhoben werden, erfolgt dies, soweit m\u00f6glich, stets auf freiwilliger Basis. Diese Daten werden ohne Ihre ausdr\u00fcckliche Zustimmung nicht an Dritte weitergegeben.\r\n\r\nWir weisen darauf hin, dass die Daten\u00fcbertragung im Internet (z.B. bei der Kommunikation per E-Mail) Sicherheitsl\u00fccken aufweisen kann. Ein l\u00fcckenloser Schutz der Daten vor dem Zugriff durch Dritte ist nicht m\u00f6glich.\r\n\r\n<strong>Datenschutzerkl\u00e4rung f\u00fcr die Nutzung von Facebook-Plugins (Like-Button)<\/strong>\r\n\r\nAuf unseren Seiten sind Plugins des sozialen Netzwerks Facebook, Anbieter Facebook Inc., 1 Hacker Way, Menlo Park, California 94025, USA, integriert. Die Facebook-Plugins erkennen Sie an dem Facebook-Logo oder dem \u201cLike-Button\u201d (\u201cGef\u00e4llt mir\u201d) auf unserer Seite. Eine \u00dcbersicht \u00fcber die Facebook-Plugins finden Sie hier: <a href=\"http:\/\/developers.facebook.com\/docs\/plugins\/\" target=\"_blank\" rel=\"noopener\">http:\/\/developers.facebook.com\/docs\/plugins\/<\/a>.\r\n\r\nWenn Sie unsere Seiten besuchen, wird \u00fcber das Plugin eine direkte Verbindung zwischen Ihrem Browser und dem Facebook-Server hergestellt. Facebook erh\u00e4lt dadurch die Information, dass Sie mit Ihrer IP-Adresse unsere Seite besucht haben. Wenn Sie den Facebook \u201cLike-Button\u201d anklicken w\u00e4hrend Sie in Ihrem Facebook-Account eingeloggt sind, k\u00f6nnen Sie die Inhalte unserer Seiten auf Ihrem Facebook-Profil verlinken. Dadurch kann Facebook den Besuch unserer Seiten Ihrem Benutzerkonto zuordnen. Wir weisen darauf hin, dass wir als Anbieter der Seiten keine Kenntnis vom Inhalt der \u00fcbermittelten Daten sowie deren Nutzung durch Facebook erhalten. Weitere Informationen hierzu finden Sie in der Datenschutzerkl\u00e4rung von Facebook unter <a href=\"http:\/\/de-de.facebook.com\/policy.php\" target=\"_blank\" rel=\"noopener\">http:\/\/de-de.facebook.com\/policy.php<\/a>.\r\n\r\nWenn Sie nicht w\u00fcnschen, dass Facebook den Besuch unserer Seiten Ihrem Facebook- Nutzerkonto zuordnen kann, loggen Sie sich bitte aus Ihrem Facebook-Benutzerkonto aus.\r\n\r\n<strong>Datenschutzerkl\u00e4rung f\u00fcr die Nutzung von Google Analytics<\/strong>\r\n\r\nDiese Website nutzt Funktionen des Webanalysedienstes Google Analytics. Anbieter ist die Google Inc. 1600 Amphitheatre Parkway Mountain View, CA 94043, USA. Google Analytics verwendet sog. \u201cCookies\u201d. Das sind Textdateien, die auf Ihrem Computer gespeichert werden und die eine Analyse der Benutzung der Website durch Sie erm\u00f6glichen. Die durch den Cookie erzeugten Informationen \u00fcber Ihre Benutzung dieser Website werden in der Regel an einen Server von Google in den USA \u00fcbertragen und dort gespeichert.\r\n\r\nIm Falle der Aktivierung der IP-Anonymisierung auf dieser Webseite wird Ihre IP-Adresse von Google jedoch innerhalb von Mitgliedstaaten der Europ\u00e4ischen Union oder in anderen Vertragsstaaten des Abkommens \u00fcber den Europ\u00e4ischen Wirtschaftsraum zuvor gek\u00fcrzt. Nur in Ausnahmef\u00e4llen wird die volle IP-Adresse an einen Server von Google in den USA \u00fcbertragen und dort gek\u00fcrzt. Im Auftrag des Betreibers dieser Website wird Google diese Informationen benutzen, um Ihre Nutzung der Website auszuwerten, um Reports \u00fcber die Websiteaktivit\u00e4ten zusammenzustellen und um weitere mit der Websitenutzung und der Internetnutzung verbundene Dienstleistungen gegen\u00fcber dem Websitebetreiber zu erbringen. Die im Rahmen von Google Analytics von Ihrem Browser \u00fcbermittelte IP-Adresse wird nicht mit anderen Daten von Google zusammengef\u00fchrt.\r\n\r\nSie k\u00f6nnen die Speicherung der Cookies durch eine entsprechende Einstellung Ihrer Browser-Software verhindern; wir weisen Sie jedoch darauf hin, dass Sie in diesem Fall gegebenenfalls nicht s\u00e4mtliche Funktionen dieser Website vollumf\u00e4nglich werden nutzen k\u00f6nnen. Sie k\u00f6nnen dar\u00fcber hinaus die Erfassung der durch das Cookie erzeugten und auf Ihre Nutzung der Website bezogenen Daten (inkl. Ihrer IP-Adresse) an Google sowie die Verarbeitung dieser Daten durch Google verhindern, indem sie das unter dem folgenden Link verf\u00fcgbare Browser-Plugin herunterladen und installieren: <a href=\"http:\/\/tools.google.com\/dlpage\/gaoptout?hl=de\" target=\"_blank\" rel=\"noopener\">http:\/\/tools.google.com\/dlpage\/gaoptout?hl=de<\/a>\r\n\r\n<strong>Datenschutzerkl\u00e4rung f\u00fcr die Nutzung von Google +1<\/strong>\r\n\r\nUnsere Seiten nutzen Funktionen von Google +1. Anbieter ist die Google Inc. 1600 Amphitheatre Parkway Mountain View, CA 94043, USA.\r\n\r\nErfassung und Weitergabe von Informationen: Mithilfe der Google +1-Schaltfl\u00e4che k\u00f6nnen Sie Informationen weltweit ver\u00f6ffentlichen. \u00fcber die Google +1-Schaltfl\u00e4che erhalten Sie und andere Nutzer personalisierte Inhalte von Google und unseren Partnern. Google speichert sowohl die Information, dass Sie f\u00fcr einen Inhalt +1 gegeben haben, als auch Informationen \u00fcber die Seite, die Sie beim Klicken auf +1 angesehen haben. Ihre +1 k\u00f6nnen als Hinweise zusammen mit Ihrem Profilnamen und Ihrem Foto in Google-Diensten, wie etwa in Suchergebnissen oder in Ihrem Google-Profil, oder an anderen Stellen auf Websites und Anzeigen im Internet eingeblendet werden. Google zeichnet Informationen \u00fcber Ihre +1-Aktivit\u00e4ten auf, um die Google-Dienste f\u00fcr Sie und andere zu verbessern. Um die Google +1-Schaltfl\u00e4che verwenden zu k\u00f6nnen, ben\u00f6tigen Sie ein weltweit sichtbares, \u00f6ffentliches Google-Profil, das zumindest den f\u00fcr das Profil gew\u00e4hlten Namen enthalten muss. Dieser Name wird in allen Google-Diensten verwendet. In manchen F\u00e4llen kann dieser Name auch einen anderen Namen ersetzen, den Sie beim Teilen von Inhalten \u00fcber Ihr Google-Konto verwendet haben. Die Identit\u00e4t Ihres Google- Profils kann Nutzern angezeigt werden, die Ihre E-Mail-Adresse kennen oder \u00fcber andere identifizierende Informationen von Ihnen verf\u00fcgen.\r\n\r\nVerwendung der erfassten Informationen: Neben den oben erl\u00e4uterten Verwendungszwecken werden die von Ihnen bereitgestellten Informationen gem\u00e4\u00df den geltenden Google-Datenschutzbestimmungen genutzt. Google ver\u00f6ffentlicht m\u00f6glicherweise zusammengefasste Statistiken \u00fcber die +1-Aktivit\u00e4ten der Nutzer bzw. gibt diese an Nutzer und Partner weiter, wie etwa Publisher, Inserenten oder verbundene Websites.\r\n\r\n<strong>Datenschutzerkl\u00e4rung f\u00fcr die Nutzung von Xing<\/strong>\r\n\r\nUnsere Webseite nutzt Funktionen des Netzwerks XING. Anbieter ist die XING AG, Dammtorstra\u00dfe 29-32, 20354 Hamburg, Deutschland. Bei jedem Abruf einer unserer Seiten, die Funktionen von Xing enth\u00e4lt, wird eine Verbindung zu Servern von Xing hergestellt. Eine Speicherung von personenbezogenen Daten erfolgt dabei nach unserer Kenntnis nicht. Insbesondere werden keine IP-Adressen gespeichert oder das Nutzungsverhalten ausgewertet.\r\n\r\nWeitere Information zum Datenschutz und dem Xing Share-Button finden Sie in der Datenschutzerkl\u00e4rung von Xing unter <a href=\"https:\/\/www.xing.com\/app\/share?op=data_protection\" target=\"_blank\" rel=\"noopener\">https:\/\/www.xing.com\/app\/share?op=data_protection<\/a>\r\n\r\nWiderspruch Werbe-Mails\r\n\r\nDer Nutzung von im Rahmen der Impressumspflicht ver\u00f6ffentlichten Kontaktdaten zur \u00dcbersendung von nicht ausdr\u00fccklich angeforderter Werbung und Informationsmaterialien wird hiermit widersprochen. Die Betreiber der Seiten behalten sich ausdr\u00fccklich rechtliche Schritte im Falle der unverlangten Zusendung von Werbeinformationen, etwa durch Spam-E-Mails, vor.\r\n\r\n<strong>Auskunft, L\u00f6schung, Sperrung<\/strong>\r\n\r\nSie haben jederzeit das Recht auf unentgeltliche Auskunft \u00fcber Ihre gespeicherten personenbezogenen Daten, deren Herkunft und Empf\u00e4nger und den Zweck der Datenverarbeitung sowie ein Recht auf Berichtigung, Sperrung oder L\u00f6schung dieser Daten. Hierzu sowie zu weiteren Fragen zum Thema personenbezogene Daten k\u00f6nnen Sie sich jederzeit unter der im Impressum angegebenen Adresse an uns wenden.\r\n\r\n<strong>Cookies<\/strong>\r\n\r\nDie Internetseiten verwenden teilweise so genannte Cookies. Cookies richten auf Ihrem Rechner keinen Schaden an und enthalten keine Viren. Cookies dienen dazu, unser Angebot nutzerfreundlicher, effektiver und sicherer zu machen. Cookies sind kleine Textdateien, die auf Ihrem Rechner abgelegt werden und die Ihr Browser speichert.\r\n\r\nDie meisten der von uns verwendeten Cookies sind so genannte \u201eSession-Cookies\u201c. Sie werden nach Ende Ihres Besuchs automatisch gel\u00f6scht. Andere Cookies bleiben auf Ihrem Endger\u00e4t gespeichert, bis Sie diese l\u00f6schen. Diese Cookies erm\u00f6glichen es uns, Ihren Browser beim n\u00e4chsten Besuch wiederzuerkennen.\r\n\r\nSie k\u00f6nnen Ihren Browser so einstellen, dass Sie \u00fcber das Setzen von Cookies informiert werden und Cookies nur im Einzelfall erlauben, die Annahme von Cookies f\u00fcr bestimmte F\u00e4lle oder generell ausschlie\u00dfen sowie das automatische L\u00f6schen der Cookies beim Schlie\u00dfen des Browser aktivieren. Bei der Deaktivierung von Cookies kann die Funktionalit\u00e4t dieser Website eingeschr\u00e4nkt sein.\r\n\r\n<strong>Kontaktformular<\/strong>\r\n\r\nWenn Sie uns per Kontaktformular Anfragen zukommen lassen, werden Ihre Angaben aus dem Anfrageformular inklusive der von Ihnen dort angegebenen Kontaktdaten zwecks Bearbeitung der Anfrage und f\u00fcr den Fall von Anschlussfragen bei uns gespeichert. Diese Daten geben wir nicht ohne Ihre Einwilligung weiter.\r\n\r\n<\/div>\t\t\t\t\t\t\t\t<\/div>\n\t\t\t\t<\/div>\n\t\t\t\t\t<\/div>\n\t\t<\/div>\n\t\t\t\t\t<\/div>\n\t\t<\/section>\n\t\t\t\t<section class=\"elementor-section elementor-top-section elementor-element elementor-element-3206835 elementor-section-boxed elementor-section-height-default elementor-section-height-default\" data-id=\"3206835\" data-element_type=\"section\">\n\t\t\t\t\t\t<div class=\"elementor-container elementor-column-gap-default\">\n\t\t\t\t\t<div class=\"elementor-column elementor-col-100 elementor-top-column elementor-element elementor-element-c39a670\" data-id=\"c39a670\" data-element_type=\"column\">\n\t\t\t<div class=\"elementor-widget-wrap elementor-element-populated\">\n\t\t\t\t\t\t<div class=\"elementor-element elementor-element-e9c80f2 elementor-nav-menu--dropdown-mobile elementor-nav-menu__text-align-aside elementor-nav-menu--toggle elementor-nav-menu--burger elementor-widget elementor-widget-nav-menu\" data-id=\"e9c80f2\" data-element_type=\"widget\" data-settings=\"{&quot;submenu_icon&quot;:{&quot;value&quot;:&quot;&lt;i class=\\&quot;fas fa-chevron-down\\&quot; aria-hidden=\\&quot;true\\&quot;&gt;&lt;\\\/i&gt;&quot;,&quot;library&quot;:&quot;fa-solid&quot;},&quot;layout&quot;:&quot;horizontal&quot;,&quot;toggle&quot;:&quot;burger&quot;}\" data-widget_type=\"nav-menu.default\">\n\t\t\t\t<div class=\"elementor-widget-container\">\n\t\t\t\t\t\t\t\t<nav aria-label=\"Men\u00fc\" class=\"elementor-nav-menu--main elementor-nav-menu__container elementor-nav-menu--layout-horizontal e--pointer-background e--animation-fade\">\n\t\t\t\t<ul id=\"menu-1-e9c80f2\" class=\"elementor-nav-menu\"><li class=\"menu-item menu-item-type-post_type menu-item-object-page menu-item-54\"><a href=\"http:\/\/labambas.de\/?page_id=12\" class=\"elementor-item menu-link\">Impressum<\/a><\/li>\n<li class=\"menu-item menu-item-type-post_type menu-item-object-page menu-item-55\"><a href=\"http:\/\/labambas.de\/?page_id=16\" class=\"elementor-item menu-link\">Haftungsausschluss<\/a><\/li>\n<li class=\"menu-item menu-item-type-post_type menu-item-object-page menu-item-privacy-policy menu-item-56\"><a rel=\"privacy-policy\" href=\"http:\/\/labambas.de\/?page_id=18\" class=\"elementor-item menu-link\">Datenschutz<\/a><\/li>\n<li class=\"menu-item menu-item-type-post_type menu-item-object-page menu-item-318\"><a href=\"http:\/\/labambas.de\/?page_id=317\" class=\"elementor-item menu-link\">Cookie-Richtlinie (EU)<\/a><\/li>\n<\/ul>\t\t\t<\/nav>\n\t\t\t\t\t<div class=\"elementor-menu-toggle\" role=\"button\" tabindex=\"0\" aria-label=\"Men\u00fc Umschalter\" aria-expanded=\"false\">\n\t\t\t<i aria-hidden=\"true\" role=\"presentation\" class=\"elementor-menu-toggle__icon--open eicon-menu-bar\"><\/i><i aria-hidden=\"true\" role=\"presentation\" class=\"elementor-menu-toggle__icon--close eicon-close\"><\/i>\t\t<\/div>\n\t\t\t\t\t<nav class=\"elementor-nav-menu--dropdown elementor-nav-menu__container\" aria-hidden=\"true\">\n\t\t\t\t<ul id=\"menu-2-e9c80f2\" class=\"elementor-nav-menu\"><li class=\"menu-item menu-item-type-post_type menu-item-object-page menu-item-54\"><a href=\"http:\/\/labambas.de\/?page_id=12\" class=\"elementor-item menu-link\" tabindex=\"-1\">Impressum<\/a><\/li>\n<li class=\"menu-item menu-item-type-post_type menu-item-object-page menu-item-55\"><a href=\"http:\/\/labambas.de\/?page_id=16\" class=\"elementor-item menu-link\" tabindex=\"-1\">Haftungsausschluss<\/a><\/li>\n<li class=\"menu-item menu-item-type-post_type menu-item-object-page menu-item-privacy-policy menu-item-56\"><a rel=\"privacy-policy\" href=\"http:\/\/labambas.de\/?page_id=18\" class=\"elementor-item menu-link\" tabindex=\"-1\">Datenschutz<\/a><\/li>\n<li class=\"menu-item menu-item-type-post_type menu-item-object-page menu-item-318\"><a href=\"http:\/\/labambas.de\/?page_id=317\" class=\"elementor-item menu-link\" tabindex=\"-1\">Cookie-Richtlinie (EU)<\/a><\/li>\n<\/ul>\t\t\t<\/nav>\n\t\t\t\t\t\t<\/div>\n\t\t\t\t<\/div>\n\t\t\t\t\t<\/div>\n\t\t<\/div>\n\t\t\t\t\t<\/div>\n\t\t<\/section>\n\t\t\t\t<\/div>\n\t\t","protected":false},"excerpt":{"rendered":"<p>Datenschutzerkl\u00e4rung I.&nbsp;&nbsp;&nbsp;&nbsp;&nbsp;&nbsp;&nbsp;&nbsp;&nbsp; Name und Anschrift des Verantwortlichen Der Verantwortliche im Sinne der Datenschutz-Grundverordnung und anderer nationaler Datenschutzgesetze der Mitgliedsstaaten sowie sonstiger datenschutzrechtlicher Bestimmungen ist die: Sascha Wei\u00dfenrieder Im Br\u00fchl 25 88361 Altshausen Deutschland E-Mail: kontakt@labambas.de Provider: strato.de II.&nbsp;&nbsp;&nbsp;&nbsp;&nbsp;&nbsp; Allgemeines zur Datenverarbeitung 1.&nbsp;&nbsp;&nbsp;&nbsp;&nbsp;&nbsp;&nbsp; Umfang der Verarbeitung personenbezogener Daten Wir verarbeiten personenbezogene Daten unserer Nutzer grunds\u00e4tzlich nur, [&hellip;]<\/p>\n","protected":false},"author":1,"featured_media":0,"parent":0,"menu_order":0,"comment_status":"closed","ping_status":"closed","template":"elementor_canvas","meta":{"site-sidebar-layout":"default","site-content-layout":"","ast-site-content-layout":"default","site-content-style":"default","site-sidebar-style":"default","ast-global-header-display":"","ast-banner-title-visibility":"","ast-main-header-display":"","ast-hfb-above-header-display":"","ast-hfb-below-header-display":"","ast-hfb-mobile-header-display":"","site-post-title":"","ast-breadcrumbs-content":"","ast-featured-img":"","footer-sml-layout":"","ast-disable-related-posts":"","theme-transparent-header-meta":"","adv-header-id-meta":"","stick-header-meta":"","header-above-stick-meta":"","header-main-stick-meta":"","header-below-stick-meta":"","astra-migrate-meta-layouts":"default","ast-page-background-enabled":"default","ast-page-background-meta":{"desktop":{"background-color":"","background-image":"","background-repeat":"repeat","background-position":"center center","background-size":"auto","background-attachment":"scroll","background-type":"","background-media":"","overlay-type":"","overlay-color":"","overlay-opacity":"","overlay-gradient":""},"tablet":{"background-color":"","background-image":"","background-repeat":"repeat","background-position":"center center","background-size":"auto","background-attachment":"scroll","background-type":"","background-media":"","overlay-type":"","overlay-color":"","overlay-opacity":"","overlay-gradient":""},"mobile":{"background-color":"","background-image":"","background-repeat":"repeat","background-position":"center center","background-size":"auto","background-attachment":"scroll","background-type":"","background-media":"","overlay-type":"","overlay-color":"","overlay-opacity":"","overlay-gradient":""}},"ast-content-background-meta":{"desktop":{"background-color":"var(--ast-global-color-5)","background-image":"","background-repeat":"repeat","background-position":"center center","background-size":"auto","background-attachment":"scroll","background-type":"","background-media":"","overlay-type":"","overlay-color":"","overlay-opacity":"","overlay-gradient":""},"tablet":{"background-color":"var(--ast-global-color-5)","background-image":"","background-repeat":"repeat","background-position":"center center","background-size":"auto","background-attachment":"scroll","background-type":"","background-media":"","overlay-type":"","overlay-color":"","overlay-opacity":"","overlay-gradient":""},"mobile":{"background-color":"var(--ast-global-color-5)","background-image":"","background-repeat":"repeat","background-position":"center center","background-size":"auto","background-attachment":"scroll","background-type":"","background-media":"","overlay-type":"","overlay-color":"","overlay-opacity":"","overlay-gradient":""}},"footnotes":""},"class_list":["post-18","page","type-page","status-publish","hentry"],"_links":{"self":[{"href":"http:\/\/labambas.de\/index.php?rest_route=\/wp\/v2\/pages\/18","targetHints":{"allow":["GET"]}}],"collection":[{"href":"http:\/\/labambas.de\/index.php?rest_route=\/wp\/v2\/pages"}],"about":[{"href":"http:\/\/labambas.de\/index.php?rest_route=\/wp\/v2\/types\/page"}],"author":[{"embeddable":true,"href":"http:\/\/labambas.de\/index.php?rest_route=\/wp\/v2\/users\/1"}],"replies":[{"embeddable":true,"href":"http:\/\/labambas.de\/index.php?rest_route=%2Fwp%2Fv2%2Fcomments&post=18"}],"version-history":[{"count":9,"href":"http:\/\/labambas.de\/index.php?rest_route=\/wp\/v2\/pages\/18\/revisions"}],"predecessor-version":[{"id":250,"href":"http:\/\/labambas.de\/index.php?rest_route=\/wp\/v2\/pages\/18\/revisions\/250"}],"wp:attachment":[{"href":"http:\/\/labambas.de\/index.php?rest_route=%2Fwp%2Fv2%2Fmedia&parent=18"}],"curies":[{"name":"wp","href":"https:\/\/api.w.org\/{rel}","templated":true}]}}